{"id":32,"date":"2025-02-09T15:05:00","date_gmt":"2025-02-09T14:05:00","guid":{"rendered":"http:\/\/www.werc-berlin.de\/?page_id=32"},"modified":"2026-02-09T17:01:06","modified_gmt":"2026-02-09T16:01:06","slug":"training-eis","status":"publish","type":"page","link":"http:\/\/www.werc-berlin.de\/?page_id=32","title":{"rendered":"Trainingszeiten Eis 2025\/2026"},"content":{"rendered":"\n<p>F\u00fcr unsere Mitglieder und alle, die es noch werden wollen, bieten wir\u00a0im Herzen Berlins von Oktober bis M\u00e4rz Vereinstraining auf dem Eis auf unserer Heimateisbahn im Erika-Hess-Eisstadion (EHE\/ Eislaufstadion Wedding).\u00a0<\/p>\n\n\n\n<p><\/p>\n\n\n\n<div class=\"wp-block-image\"><figure class=\"alignright is-resized\"><img loading=\"lazy\" src=\"http:\/\/www.werc-berlin.de\/wp-content\/uploads\/2016\/10\/werc-berlin.de04-300x200.jpg\" alt=\"werc-berlin.de04\" class=\"wp-image-604\" width=\"312\" height=\"208\" srcset=\"http:\/\/www.werc-berlin.de\/wp-content\/uploads\/2016\/10\/werc-berlin.de04-300x200.jpg 300w, http:\/\/www.werc-berlin.de\/wp-content\/uploads\/2016\/10\/werc-berlin.de04-450x300.jpg 450w, http:\/\/www.werc-berlin.de\/wp-content\/uploads\/2016\/10\/werc-berlin.de04.jpg 591w\" sizes=\"(max-width: 312px) 100vw, 312px\" \/><\/figure><\/div>\n\n\n\n<figure class=\"wp-block-table\"><table><tbody><tr><td class=\"has-text-align-left\" data-align=\"left\">Nach fast zweij\u00e4hriger Reparaturpause kehren wir 2025\/2026 mit unseren Vereinstrainings zur\u00fcck auf unserer Heimateisbahn. Bis zur endg\u00fcltigen Wiederinbetriebnahme der Eisanlage und beider Eisfl\u00e4chen fand das Vereinstraining mit reduzierten Zeiten in der Halle statt.<\/td><\/tr><\/tbody><\/table><\/figure>\n\n\n\n<figure class=\"wp-block-table is-style-regular\"><table><tbody><tr><td class=\"has-text-align-left\" data-align=\"left\">Seit Ende Januar 2026 finden unsere allgemeinen Vereinstrainings z.T. auch wieder auf der Au\u00dfenbahn des EHE statt.<\/td><\/tr><\/tbody><\/table><\/figure>\n\n\n\n<p>Wir halten unser Angebot in einem integrierten Trainingskonzept f\u00fcr alle Alters- und viele Leistungsstufen bereit. Unser Fokus liegt hierbei auf dem Kinder- und Jugendbereich.<br><br><\/p>\n\n\n\n<p><\/p>\n\n\n\n<p class=\"has-vivid-red-color has-text-color\" style=\"font-size:24px\"><\/p>\n\n\n\n<p><\/p>\n\n\n\n<h3 style=\"font-size:30px\"><strong>WERCs-Trainingsgruppen<\/strong><\/h3>\n\n\n\n<ul><li><a href=\"http:\/\/www.werc-berlin.de\/?page_id=30\">Schnuppern <\/a>\u00a0<strong>Kinder ca. ab 4  &#8211;\u00a0 6 1\/2 Jahre<\/strong> (zu bestimmten Terminen nach Voranmeldung und R\u00fcckbest\u00e4tigung, siehe separate Infos unter Link oben)<\/li><li><strong>Kinder<\/strong>\u00a0&#8211; ab ca. 4 Jahre bis max. 10\/11 Jahre (in den Gruppen Basis (Anf\u00e4nger) &amp; Aufbau (Fortgeschrittene)) &#8211; Neuaufnahmen von Anf\u00e4ngern nur \u00fcber unserer <a href=\"http:\/\/www.werc-berlin.de\/?page_id=30\">Schnupperkurse<\/a><\/li><li><strong>Jugendliche\/junge Erwachsene<\/strong>: ab ca. 10\/11 Jahre (versch. Jugendgruppen inkl. Advanced)<\/li><li><strong>Erwachsene<\/strong>: f\u00fcr alle Junggebliebenen\u2026 (Gruppen E1\/2)<\/li><\/ul>\n\n\n\n<p>Verantwortlich f\u00fcr die Zuweisung zu den einzelnen Gruppen sind die jeweils verantwortlichen Trainer bzw. die Abteilungsleitung.<br><br><br><\/p>\n\n\n\n<h3 style=\"font-size:30px\"><strong>Vereinstraining Kinder<\/strong><\/h3>\n\n\n\n<p class=\"has-vivid-red-color has-text-color\" style=\"font-size:18px\"><em><strong>(regelm\u00e4\u00dfig Schnupperkurse)<\/strong><\/em><\/p>\n\n\n\n<div class=\"wp-block-columns\">\n<div class=\"wp-block-column\" style=\"flex-basis:100%\">\n<div class=\"wp-block-columns\">\n<div class=\"wp-block-column\" style=\"flex-basis:100%\">\n<div class=\"wp-block-group\"><div class=\"wp-block-group__inner-container\">\n<div class=\"wp-block-group\"><div class=\"wp-block-group__inner-container\">\n<figure class=\"wp-block-table is-style-regular\"><table class=\"has-subtle-light-gray-background-color has-background\"><thead><tr><th class=\"has-text-align-center\" data-align=\"center\">Tag<\/th><th class=\"has-text-align-center\" data-align=\"center\">Zeit<\/th><th class=\"has-text-align-center\" data-align=\"center\">Gruppe(n)<\/th><th class=\"has-text-align-center\" data-align=\"center\">Ort<\/th><th class=\"has-text-align-left\" data-align=\"left\">Details<\/th><\/tr><\/thead><tbody><tr><td class=\"has-text-align-center\" data-align=\"center\"><strong>Dienstag<\/strong><\/td><td class=\"has-text-align-center\" data-align=\"center\"><strong>16:30-17:50<\/strong><\/td><td class=\"has-text-align-center\" data-align=\"center\"><strong>Kinder Basis<\/strong><br><strong>Kinder Aufbau A\/B<\/strong><\/td><td class=\"has-text-align-center\" data-align=\"center\">EHE<br>au\u00dfen<\/td><td class=\"has-text-align-left\" data-align=\"left\">warm-up: 16:30-16:55<br>on ice: 17:00-17:50<\/td><\/tr><tr><td class=\"has-text-align-center\" data-align=\"center\"><strong>Samstag<\/strong><\/td><td class=\"has-text-align-center\" data-align=\"center\"><strong>10:15-11:30<\/strong><\/td><td class=\"has-text-align-center\" data-align=\"center\"><strong>Kinder Basis<\/strong><br><em>ggf. Schnuppern<\/em><\/td><td class=\"has-text-align-center\" data-align=\"center\">EHE<br>au\u00dfen<\/td><td class=\"has-text-align-left\" data-align=\"left\"><span class=\"has-inline-color has-black-color\">warm-up: 10:15-10:35<\/span><br><span class=\"has-inline-color has-black-color\">on ice: 10:40-11:30<\/span><\/td><\/tr><tr><td class=\"has-text-align-center\" data-align=\"center\"><strong>Sonntag<\/strong><\/td><td class=\"has-text-align-center\" data-align=\"center\"><strong>10:30-11:55<\/strong><\/td><td class=\"has-text-align-center\" data-align=\"center\"><strong>Kinder Basis<br>Kinder Aufbau A\/B<\/strong><br><em>ggf. Schnuppern <\/em><\/td><td class=\"has-text-align-center\" data-align=\"center\">EHE<br>Halle<\/td><td class=\"has-text-align-left\" data-align=\"left\">warm-up: 10:30-10:55<br>on ice: 11:05-11:55<\/td><\/tr><\/tbody><\/table><figcaption><em>Zusatz- und F\u00f6rdertrainings sowie Leistungssporttrainings s.u.<\/em><br><em>Zeiten sind Richtzeiten und k\u00f6nnen wochenweise schwanken<\/em><br><em>Planung bis Schlie\u00dfung der Au\u00dfenfl\u00e4che 15.3., danach bis 6.4. nur Halle Di 17:15-18:30 + Sa wechselnd + So wie oben<\/em><br><em>keine Trainings am 28.2., 1.3.<\/em>,<em> bei aktiver Unwetterwarnung<\/em><\/figcaption><\/figure>\n<\/div><\/div>\n<\/div><\/div>\n<\/div>\n<\/div>\n<\/div>\n<\/div>\n\n\n\n<div class=\"wp-block-group\"><div class=\"wp-block-group__inner-container\">\n<h3 style=\"font-size:30px\"><strong>Vereinstraining Jugendliche<\/strong><\/h3>\n<\/div><\/div>\n\n\n\n<h4 class=\"has-vivid-red-color has-text-color\" style=\"font-size:18px\"><span style=\"color: #993300;\"><span class=\"has-inline-color has-vivid-red-color\"><em>(selektive Neuaufnahmen)<\/em><\/span><\/span><\/h4>\n\n\n\n<div class=\"wp-block-columns\">\n<div class=\"wp-block-column\" style=\"flex-basis:100%\">\n<div class=\"wp-block-columns\">\n<div class=\"wp-block-column\" style=\"flex-basis:100%\">\n<div class=\"wp-block-group\"><div class=\"wp-block-group__inner-container\">\n<div class=\"wp-block-group\"><div class=\"wp-block-group__inner-container\">\n<figure class=\"wp-block-table is-style-regular\"><table class=\"has-subtle-light-gray-background-color has-background\"><thead><tr><th class=\"has-text-align-center\" data-align=\"center\">Tag<\/th><th class=\"has-text-align-center\" data-align=\"center\">Zeit<\/th><th class=\"has-text-align-center\" data-align=\"center\">Gruppe(n)<\/th><th class=\"has-text-align-center\" data-align=\"center\">Ort<\/th><th class=\"has-text-align-left\" data-align=\"left\">Details<\/th><\/tr><\/thead><tbody><tr><td class=\"has-text-align-center\" data-align=\"center\"><strong>Dienstag<\/strong><\/td><td class=\"has-text-align-center\" data-align=\"center\"><strong>17:50-18:50<\/strong><\/td><td class=\"has-text-align-center\" data-align=\"center\"><strong>Jugend A-C<\/strong><\/td><td class=\"has-text-align-center\" data-align=\"center\">EHE<br>au\u00dfen<\/td><td class=\"has-text-align-left\" data-align=\"left\">warm-up: eigenst\u00e4ndig<br>on ice: 17:50-18:50<\/td><\/tr><tr><td class=\"has-text-align-center\" data-align=\"center\"><strong>Samstag<\/strong><\/td><td class=\"has-text-align-center\" data-align=\"center\"><strong>09:45-10:40<\/strong><\/td><td class=\"has-text-align-center\" data-align=\"center\"><strong>Advanced<\/strong><\/td><td class=\"has-text-align-center\" data-align=\"center\">EHE<br>au\u00dfen<\/td><td class=\"has-text-align-left\" data-align=\"left\">warm-up: eigenst\u00e4ndig<br>on ice: 09:45-10:40<\/td><\/tr><tr><td class=\"has-text-align-center\" data-align=\"center\"><em>Samstag<\/em><\/td><td class=\"has-text-align-center\" data-align=\"center\"><em>10:15-11:30<\/em><\/td><td class=\"has-text-align-center\" data-align=\"center\"><em>ggf. Schnuppern<\/em><\/td><td class=\"has-text-align-center\" data-align=\"center\">EHE<br>au\u00dfen<\/td><td class=\"has-text-align-left\" data-align=\"left\"><em>warm-up: 10:15-10:35<br>on ice: 10:40-11:30<\/em><\/td><\/tr><tr><td class=\"has-text-align-center\" data-align=\"center\"><strong>Sonntag<\/strong><\/td><td class=\"has-text-align-center\" data-align=\"center\"><strong>10:15-11:05<\/strong><\/td><td class=\"has-text-align-center\" data-align=\"center\"><strong>Advanced<\/strong><\/td><td class=\"has-text-align-center\" data-align=\"center\">EHE<br>Halle<\/td><td class=\"has-text-align-left\" data-align=\"left\">warm-up: eigenst\u00e4ndig<br>on ice: 10:15-11:05<\/td><\/tr><tr><td class=\"has-text-align-center\" data-align=\"center\"><strong>Sonntag<\/strong><\/td><td class=\"has-text-align-center\" data-align=\"center\"><strong>11:40-13:00<\/strong><\/td><td class=\"has-text-align-center\" data-align=\"center\"><strong>Jugend A-C<\/strong><\/td><td class=\"has-text-align-center\" data-align=\"center\">EHE<br>Halle<\/td><td class=\"has-text-align-left\" data-align=\"left\">warm-up: eigenst\u00e4ndig<br>on ice: 12:10-13:00<\/td><\/tr><\/tbody><\/table><figcaption><em>Zeiten sind Richtzeiten und k\u00f6nnen wochenweise schwanken<\/em><br><em>Planung bis Schlie\u00dfung der Au\u00dfenfl\u00e4che 15.3., danach bis 6.4. nur Halle Di 18:30-19:15 + Sa wechselnd + So wie oben<\/em><br><em>keine Trainings am 28.2., 1.3.<\/em>,<em> bei aktiver Unwetterwarnung<\/em><\/figcaption><\/figure>\n<\/div><\/div>\n<\/div><\/div>\n<\/div>\n<\/div>\n\n\n\n<h3 style=\"font-size:30px\"><strong>Vereinstraining Erwachsene<\/strong><\/h3>\n\n\n\n<p class=\"has-vivid-red-color has-text-color\" style=\"font-size:18px\"><em><strong>(keine Neuaufnahmen f\u00fcr Anf\u00e4nger)<\/strong><\/em><\/p>\n\n\n\n<div class=\"wp-block-columns\">\n<div class=\"wp-block-column\" style=\"flex-basis:100%\">\n<div class=\"wp-block-group\"><div class=\"wp-block-group__inner-container\">\n<div class=\"wp-block-group\"><div class=\"wp-block-group__inner-container\">\n<div class=\"wp-block-columns\">\n<div class=\"wp-block-column\" style=\"flex-basis:100%\">\n<figure class=\"wp-block-table is-style-regular\"><table class=\"has-subtle-light-gray-background-color has-background\"><thead><tr><th class=\"has-text-align-center\" data-align=\"center\">Tag<\/th><th class=\"has-text-align-center\" data-align=\"center\">Zeit<\/th><th class=\"has-text-align-center\" data-align=\"center\">Gruppe(n)<\/th><th class=\"has-text-align-center\" data-align=\"center\">Ort<\/th><th class=\"has-text-align-left\" data-align=\"left\">Details<\/th><\/tr><\/thead><tbody><tr><td class=\"has-text-align-center\" data-align=\"center\"><strong>Samstag<\/strong><\/td><td class=\"has-text-align-center\" data-align=\"center\"><strong>09:45-10:40<\/strong><\/td><td class=\"has-text-align-center\" data-align=\"center\"><strong>E1\/2<\/strong><\/td><td class=\"has-text-align-center\" data-align=\"center\">EHE<br>au\u00dfen<\/td><td class=\"has-text-align-left\" data-align=\"left\">warm-up: eigenst\u00e4ndig <br>on ice: 09:45-10:40 <\/td><\/tr><tr><td class=\"has-text-align-center\" data-align=\"center\"><strong>Sonntag<\/strong><\/td><td class=\"has-text-align-center\" data-align=\"center\"><strong>10:15-11:05<\/strong><\/td><td class=\"has-text-align-center\" data-align=\"center\"><strong>E1\/2<\/strong><\/td><td class=\"has-text-align-center\" data-align=\"center\">EHE<br>Halle<\/td><td class=\"has-text-align-left\" data-align=\"left\">warm-up: eigenst\u00e4ndig<br>on ice: 10:15-11:05<\/td><\/tr><\/tbody><\/table><figcaption><em>Zeiten sind Richtzeiten und k\u00f6nnen wochenweise schwanken<\/em><br><em>Planung bis Schlie\u00dfung der Au\u00dfenfl\u00e4che 15.3., danach bis 6.4. nur Halle Sa wechselnd + So wie oben<\/em><br><em>keine Trainings am 28.2., 1.3.<\/em>,<em> bei aktiver Unwetterwarnung<\/em><br><em><strong>Zus\u00e4tzlich zu den Vereinstrainings k\u00f6nnen WERC-Mitglieder die BEV-Adult-Zeiten nutzen <br>(nach Registrierung, Anmeldung &amp; Zuteilung \u00fcber das zentrale Buchungstool). <\/strong><\/em><\/figcaption><\/figure>\n<\/div>\n<\/div>\n<\/div><\/div>\n<\/div><\/div>\n<\/div>\n<\/div>\n<\/div>\n<\/div>\n\n\n\n<h3>&nbsp;<\/h3>\n\n\n\n<h3 style=\"font-size:30px\"><strong>F\u00f6rder- &amp; Zusatztrainings&nbsp;<\/strong><\/h3>\n\n\n\n<p style=\"font-size:18px\"><span class=\"has-inline-color has-vivid-red-color\"><em>(zur Zeit kein Angebot)<\/em><\/span><\/p>\n\n\n\n<div class=\"wp-block-columns\">\n<div class=\"wp-block-column\" style=\"flex-basis:100%\">\n<div class=\"wp-block-group\"><div class=\"wp-block-group__inner-container\">\n<div class=\"wp-block-group\"><div class=\"wp-block-group__inner-container\">\n<figure class=\"wp-block-table is-style-regular\"><table class=\"has-subtle-light-gray-background-color has-background\"><thead><tr><th class=\"has-text-align-center\" data-align=\"center\">Tag<\/th><th class=\"has-text-align-center\" data-align=\"center\">Zeit<\/th><th class=\"has-text-align-center\" data-align=\"center\">Gruppe(n)<\/th><th class=\"has-text-align-center\" data-align=\"center\">Ort<\/th><th class=\"has-text-align-left\" data-align=\"left\">Details<\/th><\/tr><\/thead><tbody><tr><td class=\"has-text-align-center\" data-align=\"center\"><strong><s>Donnerstag<\/s><\/strong><\/td><td class=\"has-text-align-center\" data-align=\"center\"><strong><s>18:00-19:15<\/s><\/strong><\/td><td class=\"has-text-align-center\" data-align=\"center\"><s><strong>F\u00f6rdertrainings 1-2<\/strong>, <br>Zusatztrainings<\/s><\/td><td class=\"has-text-align-center\" data-align=\"center\"><s>EHE<\/s><\/td><td class=\"has-text-align-left\" data-align=\"left\"><s>nach sep. Einteilung<\/s><\/td><\/tr><tr><td class=\"has-text-align-center\" data-align=\"center\"><strong><s>Samstag<\/s><\/strong><\/td><td class=\"has-text-align-center\" data-align=\"center\"><strong><s>13:10-13:50<\/s><\/strong><\/td><td class=\"has-text-align-center\" data-align=\"center\"><strong><s>F\u00f6rdertraining 2<\/s><\/strong><\/td><td class=\"has-text-align-center\" data-align=\"center\"><s>EHE<\/s><\/td><td class=\"has-text-align-left\" data-align=\"left\"><s>nach sep. Einteilung<\/s><\/td><\/tr><tr><td class=\"has-text-align-center\" data-align=\"center\"><s>1-3x pro Woche<\/s><\/td><td class=\"has-text-align-center\" data-align=\"center\"><\/td><td class=\"has-text-align-center\" data-align=\"center\"><strong><s>F\u00f6rdergruppen <\/s><\/strong><\/td><td class=\"has-text-align-center\" data-align=\"center\"><s>div.<\/s><\/td><td class=\"has-text-align-left\" data-align=\"left\"><s>nach Vereinbarung<\/s><\/td><\/tr><tr><td class=\"has-text-align-center\" data-align=\"center\"><s>3-7x pro Woche<\/s><\/td><td class=\"has-text-align-center\" data-align=\"center\"><\/td><td class=\"has-text-align-center\" data-align=\"center\"><strong><s>Leistungssport<\/s><\/strong><\/td><td class=\"has-text-align-center\" data-align=\"center\"><s>div.<\/s><\/td><td class=\"has-text-align-left\" data-align=\"left\"><s>nach Vereinbarung<\/s><\/td><\/tr><\/tbody><\/table><figcaption><em>Zusatz-, F\u00f6rder- sowie Leistungssporttrainings in der Regel kostenpflichtig <\/em><\/figcaption><\/figure>\n<\/div><\/div>\n<\/div><\/div>\n<\/div>\n<\/div>\n\n\n\n<h3>&nbsp;<\/h3>\n\n\n\n<figure class=\"wp-block-table responsive-table\"><table><tbody><tr><th>Ort EHE:<\/th><td>Erika-Hess-Eisstadion EHE<br>(Eislaufstadion Wedding)<\/td><td>M\u00fcllerstr. 185, 13353 Berlin-Mitte<\/td><\/tr><tr><th>Bahn:<\/th><td>U6<\/td><td>Reinickendorfer Str.<\/td><\/tr><tr><th>Busse:<\/th><td>120, M27<\/td><td>U-Bhf. Reinickendorfer Str.\/ Fennstr.<\/td><\/tr><\/tbody><\/table><\/figure>\n\n\n\n<h3>&nbsp;<\/h3>\n\n\n\n<p><\/p>\n","protected":false},"excerpt":{"rendered":"<p>F\u00fcr unsere Mitglieder und alle, die es noch werden wollen, bieten wir\u00a0im Herzen Berlins von Oktober bis M\u00e4rz Vereinstraining auf dem Eis auf unserer Heimateisbahn im Erika-Hess-Eisstadion (EHE\/ Eislaufstadion Wedding).\u00a0 Nach fast zweij\u00e4hriger Reparaturpause kehren wir 2025\/2026 mit unseren Vereinstrainings zur\u00fcck auf unserer Heimateisbahn. Bis zur endg\u00fcltigen Wiederinbetriebnahme der Eisanlage und beider Eisfl\u00e4chen fand das [&hellip;]<\/p>\n","protected":false},"author":3,"featured_media":0,"parent":11,"menu_order":1,"comment_status":"closed","ping_status":"closed","template":"","meta":[],"_links":{"self":[{"href":"http:\/\/www.werc-berlin.de\/index.php?rest_route=\/wp\/v2\/pages\/32"}],"collection":[{"href":"http:\/\/www.werc-berlin.de\/index.php?rest_route=\/wp\/v2\/pages"}],"about":[{"href":"http:\/\/www.werc-berlin.de\/index.php?rest_route=\/wp\/v2\/types\/page"}],"author":[{"embeddable":true,"href":"http:\/\/www.werc-berlin.de\/index.php?rest_route=\/wp\/v2\/users\/3"}],"replies":[{"embeddable":true,"href":"http:\/\/www.werc-berlin.de\/index.php?rest_route=%2Fwp%2Fv2%2Fcomments&post=32"}],"version-history":[{"count":63,"href":"http:\/\/www.werc-berlin.de\/index.php?rest_route=\/wp\/v2\/pages\/32\/revisions"}],"predecessor-version":[{"id":2369,"href":"http:\/\/www.werc-berlin.de\/index.php?rest_route=\/wp\/v2\/pages\/32\/revisions\/2369"}],"up":[{"embeddable":true,"href":"http:\/\/www.werc-berlin.de\/index.php?rest_route=\/wp\/v2\/pages\/11"}],"wp:attachment":[{"href":"http:\/\/www.werc-berlin.de\/index.php?rest_route=%2Fwp%2Fv2%2Fmedia&parent=32"}],"curies":[{"name":"wp","href":"https:\/\/api.w.org\/{rel}","templated":true}]}}